{"id":5871,"date":"2025-09-03T07:30:41","date_gmt":"2025-09-03T07:30:41","guid":{"rendered":"https:\/\/asmp.swiss\/le-cadre-reglementaire\/"},"modified":"2025-10-14T11:31:51","modified_gmt":"2025-10-14T11:31:51","slug":"le-cadre-reglementaire","status":"publish","type":"page","link":"https:\/\/asmp.swiss\/fr\/le-cadre-reglementaire\/","title":{"rendered":"Le cadre r\u00e9glementaire"},"content":{"rendered":"\t\t<div data-elementor-type=\"wp-page\" data-elementor-id=\"5871\" class=\"elementor elementor-5871 elementor-1124\" data-elementor-post-type=\"page\">\n\t\t\t\t<div class=\"elementor-element elementor-element-ee25c7e e-flex e-con-boxed e-con e-parent\" data-id=\"ee25c7e\" data-element_type=\"container\" data-e-type=\"container\">\n\t\t\t\t\t<div class=\"e-con-inner\">\n\t\t\t\t<div class=\"elementor-element elementor-element-0f2708e elementor-absolute fondosfumato animated-slow elementor-invisible elementor-widget elementor-widget-image\" data-id=\"0f2708e\" data-element_type=\"widget\" data-e-type=\"widget\" data-settings=\"{&quot;_position&quot;:&quot;absolute&quot;,&quot;_animation&quot;:&quot;fadeIn&quot;}\" data-widget_type=\"image.default\">\n\t\t\t\t\t\t\t\t\t\t\t\t\t\t\t<img fetchpriority=\"high\" decoding=\"async\" width=\"1080\" height=\"1080\" src=\"https:\/\/asmp.swiss\/wp-content\/uploads\/2025\/09\/ASMP_sfumatura_capitoli.png\" class=\"attachment-full size-full wp-image-5870\" alt=\"\" srcset=\"https:\/\/asmp.swiss\/wp-content\/uploads\/2025\/09\/ASMP_sfumatura_capitoli.png 1080w, https:\/\/asmp.swiss\/wp-content\/uploads\/2025\/09\/ASMP_sfumatura_capitoli-300x300.png 300w, https:\/\/asmp.swiss\/wp-content\/uploads\/2025\/09\/ASMP_sfumatura_capitoli-1024x1024.png 1024w, https:\/\/asmp.swiss\/wp-content\/uploads\/2025\/09\/ASMP_sfumatura_capitoli-150x150.png 150w, https:\/\/asmp.swiss\/wp-content\/uploads\/2025\/09\/ASMP_sfumatura_capitoli-768x768.png 768w\" sizes=\"(max-width: 1080px) 100vw, 1080px\" \/>\t\t\t\t\t\t\t\t\t\t\t\t\t\t\t<\/div>\n\t\t\t\t<div class=\"elementor-element elementor-element-cc87c46 elementor-invisible elementor-widget elementor-widget-heading\" data-id=\"cc87c46\" data-element_type=\"widget\" data-e-type=\"widget\" data-settings=\"{&quot;_animation&quot;:&quot;fadeIn&quot;,&quot;_animation_delay&quot;:500}\" data-widget_type=\"heading.default\">\n\t\t\t\t\t<div class=\"elementor-heading-title elementor-size-default\">Le cadre r\u00e9glementaire<\/div>\t\t\t\t<\/div>\n\t\t\t\t<div class=\"elementor-element elementor-element-c42d7b4 elementor-invisible elementor-widget elementor-widget-heading\" data-id=\"c42d7b4\" data-element_type=\"widget\" data-e-type=\"widget\" data-settings=\"{&quot;_animation&quot;:&quot;fadeIn&quot;,&quot;_animation_delay&quot;:500}\" data-widget_type=\"heading.default\">\n\t\t\t\t\t<h1 class=\"elementor-heading-title elementor-size-default\">Un cadre<br>r\u00e9glementaire rigoureux<\/h1>\t\t\t\t<\/div>\n\t\t\t\t<div class=\"elementor-element elementor-element-7729a1a elementor-widget__width-initial elementor-invisible elementor-widget elementor-widget-text-editor\" data-id=\"7729a1a\" data-element_type=\"widget\" data-e-type=\"widget\" data-settings=\"{&quot;_animation&quot;:&quot;fadeIn&quot;,&quot;_animation_delay&quot;:500}\" data-widget_type=\"text-editor.default\">\n\t\t\t\t\t\t\t\t\t<p>La Suisse est reconnue pour l\u2019excellence de sa r\u00e9glementation dans le domaine des m\u00e9taux pr\u00e9cieux. Gr\u00e2ce \u00e0 l\u2019un des cadres r\u00e9glementaires parmi les plus stricts au monde, le pays garantit des normes \u00e9lev\u00e9es en mati\u00e8re de transparence, de l\u00e9galit\u00e9 et de responsabilit\u00e9 tout au long de la cha\u00eene de valeur. <\/p>\t\t\t\t\t\t\t\t<\/div>\n\t\t<div class=\"elementor-element elementor-element-4004e17 e-con-full elementor-hidden-mobile e-flex e-con e-child\" data-id=\"4004e17\" data-element_type=\"container\" data-e-type=\"container\" data-settings=\"{&quot;position&quot;:&quot;absolute&quot;}\">\n\t\t\t\t<div class=\"elementor-element elementor-element-fae3c2d icon elementor-view-default elementor-widget elementor-widget-icon\" data-id=\"fae3c2d\" data-element_type=\"widget\" data-e-type=\"widget\" data-widget_type=\"icon.default\">\n\t\t\t\t\t\t\t<div class=\"elementor-icon-wrapper\">\n\t\t\t<a class=\"elementor-icon\" href=\"#frecciascroll\">\n\t\t\t<i aria-hidden=\"true\" class=\"asmpfreccie asmpfreccie-ASMP_freccia2\"><\/i>\t\t\t<\/a>\n\t\t<\/div>\n\t\t\t\t\t\t<\/div>\n\t\t\t\t<\/div>\n\t\t\t\t\t<\/div>\n\t\t\t\t<\/div>\n\t\t<div class=\"elementor-element elementor-element-0215012 e-flex e-con-boxed e-con e-parent\" data-id=\"0215012\" data-element_type=\"container\" data-e-type=\"container\">\n\t\t\t\t\t<div class=\"e-con-inner\">\n\t\t\t\t<div class=\"elementor-element elementor-element-f10d27e elementor-widget elementor-widget-global elementor-global-165 elementor-widget-spacer\" data-id=\"f10d27e\" data-element_type=\"widget\" data-e-type=\"widget\" data-widget_type=\"spacer.default\">\n\t\t\t\t\t\t\t<div class=\"elementor-spacer\">\n\t\t\t<div class=\"elementor-spacer-inner\"><\/div>\n\t\t<\/div>\n\t\t\t\t\t\t<\/div>\n\t\t\t\t\t<\/div>\n\t\t\t\t<\/div>\n\t\t<div class=\"elementor-element elementor-element-b4cc5d9 e-flex e-con-boxed e-con e-parent\" data-id=\"b4cc5d9\" data-element_type=\"container\" data-e-type=\"container\" id=\"frecciascroll\">\n\t\t\t\t\t<div class=\"e-con-inner\">\n\t\t\t\t<div class=\"elementor-element elementor-element-f6e97b7 elementor-widget elementor-widget-n-accordion\" data-id=\"f6e97b7\" data-element_type=\"widget\" data-e-type=\"widget\" id=\"fisarmonica-scroll\" data-settings=\"{&quot;default_state&quot;:&quot;all_collapsed&quot;,&quot;max_items_expended&quot;:&quot;one&quot;,&quot;n_accordion_animation_duration&quot;:{&quot;unit&quot;:&quot;ms&quot;,&quot;size&quot;:400,&quot;sizes&quot;:[]}}\" data-widget_type=\"nested-accordion.default\">\n\t\t\t\t\t\t\t<div class=\"e-n-accordion\" aria-label=\"Accordion. Open links with Enter or Space, close with Escape, and navigate with Arrow Keys\">\n\t\t\t\t\t\t<details id=\"e-n-accordion-item-2580\" class=\"e-n-accordion-item\" >\n\t\t\t\t<summary class=\"e-n-accordion-item-title\" data-accordion-index=\"1\" tabindex=\"0\" aria-expanded=\"false\" aria-controls=\"e-n-accordion-item-2580\" >\n\t\t\t\t\t<span class='e-n-accordion-item-title-header'><h3 class=\"e-n-accordion-item-title-text\"> Une double surveillance f\u00e9d\u00e9rale pour une supervision sp\u00e9cialis\u00e9e <\/h3><\/span>\n\t\t\t\t\t\t\t<span class='e-n-accordion-item-title-icon'>\n\t\t\t<span class='e-opened' ><i aria-hidden=\"true\" class=\"asmpicon asmpicon-ASMP_icona4\"><\/i><\/span>\n\t\t\t<span class='e-closed'><i aria-hidden=\"true\" class=\"asmpicon asmpicon-ASMP_icona3\"><\/i><\/span>\n\t\t<\/span>\n\n\t\t\t\t\t\t<\/summary>\n\t\t\t\t<div role=\"region\" aria-labelledby=\"e-n-accordion-item-2580\" class=\"elementor-element elementor-element-0315d83 e-flex e-con-boxed e-con e-child\" data-id=\"0315d83\" data-element_type=\"container\" data-e-type=\"container\">\n\t\t\t\t\t<div class=\"e-con-inner\">\n\t\t\t\t<div class=\"elementor-element elementor-element-d15692a elementor-widget elementor-widget-text-editor\" data-id=\"d15692a\" data-element_type=\"widget\" data-e-type=\"widget\" data-widget_type=\"text-editor.default\">\n\t\t\t\t\t\t\t\t\t<p>Dans le secteur suisse des m\u00e9taux pr\u00e9cieux, le principe de \u00ab double surveillance \u00bb assure un contr\u00f4le syst\u00e9matique \u00e0 la fois technique, juridique et financier, gr\u00e2ce \u00e0 l\u2019action du <strong>Bureau central du contr\u00f4le des m\u00e9taux pr\u00e9cieux (BCMP)<\/strong>. Ce syst\u00e8me de contr\u00f4le articul\u00e9 garantit la conformit\u00e9 technique et r\u00e9glementaire, la tra\u00e7abilit\u00e9 et l&rsquo;int\u00e9grit\u00e9 tout au long de la cha\u00eene d&rsquo;approvisionnement. <\/p>\t\t\t\t\t\t\t\t<\/div>\n\t\t<div role=\"region\" aria-labelledby=\"e-n-accordion-item-2580\" class=\"elementor-element elementor-element-d69cc6c e-con-full e-flex e-con e-child\" data-id=\"d69cc6c\" data-element_type=\"container\" data-e-type=\"container\">\n\t\t\t\t<div class=\"elementor-element elementor-element-ee1fc86 elementor-widget elementor-widget-heading\" data-id=\"ee1fc86\" data-element_type=\"widget\" data-e-type=\"widget\" data-widget_type=\"heading.default\">\n\t\t\t\t\t<div class=\"elementor-heading-title elementor-size-default\">1<\/div>\t\t\t\t<\/div>\n\t\t<div role=\"region\" aria-labelledby=\"e-n-accordion-item-2580\" class=\"elementor-element elementor-element-93c16c2 e-con-full e-flex e-con e-child\" data-id=\"93c16c2\" data-element_type=\"container\" data-e-type=\"container\">\n\t\t\t\t<div class=\"elementor-element elementor-element-4f51122 elementor-widget elementor-widget-text-editor\" data-id=\"4f51122\" data-element_type=\"widget\" data-e-type=\"widget\" data-widget_type=\"text-editor.default\">\n\t\t\t\t\t\t\t\t\t<h4>Loi sur le contr\u00f4le des m\u00e9taux pr\u00e9cieux<\/h4><p>Plac\u00e9e sous l\u2019autorit\u00e9 de l\u2019Administration f\u00e9d\u00e9rale des douanes, le Bureau central du contr\u00f4le des m\u00e9taux pr\u00e9cieux (BCMP) est charg\u00e9 de l\u2019application de la Loi sur le contr\u00f4le des m\u00e9taux pr\u00e9cieux du 20 juin 1933. Cette loi encadre le commerce des mati\u00e8res premi\u00e8res, des produits semi-finis et des objets fabriqu\u00e9s en m\u00e9taux pr\u00e9cieux, avec pour objectif d\u2019assurer la qualit\u00e9 des produits mis sur le march\u00e9.<\/p>\t\t\t\t\t\t\t\t<\/div>\n\t\t\t\t<div class=\"elementor-element elementor-element-3d628e3 elementor-widget elementor-widget-heading\" data-id=\"3d628e3\" data-element_type=\"widget\" data-e-type=\"widget\" data-widget_type=\"heading.default\">\n\t\t\t\t\t<h4 class=\"elementor-heading-title elementor-size-default\">Pour en savoir plus<\/h4>\t\t\t\t<\/div>\n\t\t\t\t<div class=\"elementor-element elementor-element-8623ddc elementor-position-inline-start elementor-mobile-position-inline-start elementor-view-default elementor-widget elementor-widget-icon-box\" data-id=\"8623ddc\" data-element_type=\"widget\" data-e-type=\"widget\" data-widget_type=\"icon-box.default\">\n\t\t\t\t\t\t\t<div class=\"elementor-icon-box-wrapper\">\n\n\t\t\t\t\t\t<div class=\"elementor-icon-box-icon\">\n\t\t\t\t<a href=\"https:\/\/www.bazg.admin.ch\/bazg\/fr\/home\/themes\/controle-des-metaux-precieux.html\" target=\"_blank\" class=\"elementor-icon\" tabindex=\"-1\" aria-label=\"Bureau central du contr\u00f4le des m\u00e9taux pr\u00e9cieux (BCMP)\" rel=\"noopener\">\n\t\t\t\t<i aria-hidden=\"true\" class=\"asmpfreccie asmpfreccie-ASMP_freccia1\"><\/i>\t\t\t\t<\/a>\n\t\t\t<\/div>\n\t\t\t\n\t\t\t\t\t\t<div class=\"elementor-icon-box-content\">\n\n\t\t\t\t\t\t\t\t\t<div class=\"elementor-icon-box-title\">\n\t\t\t\t\t\t<a href=\"https:\/\/www.bazg.admin.ch\/bazg\/fr\/home\/themes\/controle-des-metaux-precieux.html\" target=\"_blank\" rel=\"noopener\">\n\t\t\t\t\t\t\tBureau central du contr\u00f4le des m\u00e9taux pr\u00e9cieux (BCMP)\t\t\t\t\t\t<\/a>\n\t\t\t\t\t<\/div>\n\t\t\t\t\n\t\t\t\t\n\t\t\t<\/div>\n\t\t\t\n\t\t<\/div>\n\t\t\t\t\t\t<\/div>\n\t\t\t\t<div class=\"elementor-element elementor-element-c6ecf79 elementor-position-inline-start elementor-mobile-position-inline-start elementor-view-default elementor-widget elementor-widget-icon-box\" data-id=\"c6ecf79\" data-element_type=\"widget\" data-e-type=\"widget\" data-widget_type=\"icon-box.default\">\n\t\t\t\t\t\t\t<div class=\"elementor-icon-box-wrapper\">\n\n\t\t\t\t\t\t<div class=\"elementor-icon-box-icon\">\n\t\t\t\t<a href=\"https:\/\/www.fedlex.admin.ch\/eli\/cc\/50\/345_357_401\/fr\" target=\"_blank\" class=\"elementor-icon\" tabindex=\"-1\" aria-label=\"Loi sur le contr\u00f4le des m\u00e9taux pr\u00e9cieux \" rel=\"noopener\">\n\t\t\t\t<i aria-hidden=\"true\" class=\"asmpfreccie asmpfreccie-ASMP_freccia1\"><\/i>\t\t\t\t<\/a>\n\t\t\t<\/div>\n\t\t\t\n\t\t\t\t\t\t<div class=\"elementor-icon-box-content\">\n\n\t\t\t\t\t\t\t\t\t<div class=\"elementor-icon-box-title\">\n\t\t\t\t\t\t<a href=\"https:\/\/www.fedlex.admin.ch\/eli\/cc\/50\/345_357_401\/fr\" target=\"_blank\" rel=\"noopener\">\n\t\t\t\t\t\t\tLoi sur le contr\u00f4le des m\u00e9taux pr\u00e9cieux \t\t\t\t\t\t<\/a>\n\t\t\t\t\t<\/div>\n\t\t\t\t\n\t\t\t\t\n\t\t\t<\/div>\n\t\t\t\n\t\t<\/div>\n\t\t\t\t\t\t<\/div>\n\t\t\t\t<\/div>\n\t\t\t\t<\/div>\n\t\t<div role=\"region\" aria-labelledby=\"e-n-accordion-item-2580\" class=\"elementor-element elementor-element-fdac212 e-con-full e-flex e-con e-child\" data-id=\"fdac212\" data-element_type=\"container\" data-e-type=\"container\">\n\t\t\t\t<div class=\"elementor-element elementor-element-8138596 elementor-widget elementor-widget-heading\" data-id=\"8138596\" data-element_type=\"widget\" data-e-type=\"widget\" data-widget_type=\"heading.default\">\n\t\t\t\t\t<div class=\"elementor-heading-title elementor-size-default\">2<\/div>\t\t\t\t<\/div>\n\t\t<div role=\"region\" aria-labelledby=\"e-n-accordion-item-2580\" class=\"elementor-element elementor-element-ba88d18 e-con-full e-flex e-con e-child\" data-id=\"ba88d18\" data-element_type=\"container\" data-e-type=\"container\">\n\t\t\t\t<div class=\"elementor-element elementor-element-6128f4b elementor-widget elementor-widget-text-editor\" data-id=\"6128f4b\" data-element_type=\"widget\" data-e-type=\"widget\" data-widget_type=\"text-editor.default\">\n\t\t\t\t\t\t\t\t\t<h4><strong>R\u00e9vision de la loi sur le blanchiment d&rsquo;argent (LBA)<\/strong><\/h4><p>Depuis le 1er janvier 2020, les essayeurs commerciaux \u2013 des entit\u00e9s juridiques sp\u00e9cialis\u00e9es dans l&rsquo;analyse des m\u00e9taux pr\u00e9cieux \u2013 sont consid\u00e9r\u00e9s comme des interm\u00e9diaires financiers au sens de la loi sur le blanchiment d&rsquo;argent (LBA) ; plac\u00e9s sous la surveillance de la FINMA, ils sont d\u00e9sormais soumis au Bureau central du contr\u00f4le des m\u00e9taux pr\u00e9cieux (BCMP). Cette r\u00e9forme renforce l&rsquo;int\u00e9gration entre les contr\u00f4les de qualit\u00e9 et la responsabilit\u00e9 dans la cha\u00eene d&rsquo;approvisionnement. <\/p><p><span style=\"text-decoration: underline;\">La contribution de l\u2019ASMP <\/span><br>L&rsquo;association pr\u00f4ne une vision de surveillance \u00e0 360\u00b0 de l&rsquo;ensemble du secteur des essayeurs commerciaux; dans cette optique, elle a propos\u00e9 aux autorit\u00e9s f\u00e9d\u00e9rales une vision strat\u00e9gique de d\u00e9veloppement du BCPM visant \u00e0 \u00e9tendre la surveillance \u00e0 l&rsquo;ensemble de la cha\u00eene d\u2019approvisionnement des essayeurs commerciaux.<\/p>\t\t\t\t\t\t\t\t<\/div>\n\t\t\t\t<div class=\"elementor-element elementor-element-c6f35c3 elementor-widget elementor-widget-heading\" data-id=\"c6f35c3\" data-element_type=\"widget\" data-e-type=\"widget\" data-widget_type=\"heading.default\">\n\t\t\t\t\t<h4 class=\"elementor-heading-title elementor-size-default\">Pour en savoir plus<\/h4>\t\t\t\t<\/div>\n\t\t\t\t<div class=\"elementor-element elementor-element-006bb14 elementor-position-inline-start elementor-mobile-position-inline-start elementor-view-default elementor-widget elementor-widget-icon-box\" data-id=\"006bb14\" data-element_type=\"widget\" data-e-type=\"widget\" data-widget_type=\"icon-box.default\">\n\t\t\t\t\t\t\t<div class=\"elementor-icon-box-wrapper\">\n\n\t\t\t\t\t\t<div class=\"elementor-icon-box-icon\">\n\t\t\t\t<a href=\"https:\/\/www.fedlex.admin.ch\/eli\/cc\/1998\/892_892_892\/fr\" target=\"_blank\" class=\"elementor-icon\" tabindex=\"-1\" aria-label=\"Loi f\u00e9d\u00e9rale en mati\u00e8re de lutte contre le blanchiment d\u2019argent et le financement du terrorisme\" rel=\"noopener\">\n\t\t\t\t<i aria-hidden=\"true\" class=\"asmpfreccie asmpfreccie-ASMP_freccia1\"><\/i>\t\t\t\t<\/a>\n\t\t\t<\/div>\n\t\t\t\n\t\t\t\t\t\t<div class=\"elementor-icon-box-content\">\n\n\t\t\t\t\t\t\t\t\t<div class=\"elementor-icon-box-title\">\n\t\t\t\t\t\t<a href=\"https:\/\/www.fedlex.admin.ch\/eli\/cc\/1998\/892_892_892\/fr\" target=\"_blank\" rel=\"noopener\">\n\t\t\t\t\t\t\tLoi f\u00e9d\u00e9rale en mati\u00e8re de lutte contre le blanchiment d\u2019argent et le financement du terrorisme\t\t\t\t\t\t<\/a>\n\t\t\t\t\t<\/div>\n\t\t\t\t\n\t\t\t\t\n\t\t\t<\/div>\n\t\t\t\n\t\t<\/div>\n\t\t\t\t\t\t<\/div>\n\t\t\t\t<\/div>\n\t\t\t\t<\/div>\n\t\t\t\t\t<\/div>\n\t\t\t\t<\/div>\n\t\t\t\t\t<\/details>\n\t\t\t\t\t\t<details id=\"e-n-accordion-item-2581\" class=\"e-n-accordion-item\" >\n\t\t\t\t<summary class=\"e-n-accordion-item-title\" data-accordion-index=\"2\" tabindex=\"-1\" aria-expanded=\"false\" aria-controls=\"e-n-accordion-item-2581\" >\n\t\t\t\t\t<span class='e-n-accordion-item-title-header'><h3 class=\"e-n-accordion-item-title-text\"> Des normes en constante \u00e9volution pour plus de transparence et de contr\u00f4le <\/h3><\/span>\n\t\t\t\t\t\t\t<span class='e-n-accordion-item-title-icon'>\n\t\t\t<span class='e-opened' ><i aria-hidden=\"true\" class=\"asmpicon asmpicon-ASMP_icona4\"><\/i><\/span>\n\t\t\t<span class='e-closed'><i aria-hidden=\"true\" class=\"asmpicon asmpicon-ASMP_icona3\"><\/i><\/span>\n\t\t<\/span>\n\n\t\t\t\t\t\t<\/summary>\n\t\t\t\t<div role=\"region\" aria-labelledby=\"e-n-accordion-item-2581\" class=\"elementor-element elementor-element-91acc3a e-flex e-con-boxed e-con e-child\" data-id=\"91acc3a\" data-element_type=\"container\" data-e-type=\"container\">\n\t\t\t\t\t<div class=\"e-con-inner\">\n\t\t\t\t<div class=\"elementor-element elementor-element-f0531a1 elementor-widget elementor-widget-text-editor\" data-id=\"f0531a1\" data-element_type=\"widget\" data-e-type=\"widget\" data-widget_type=\"text-editor.default\">\n\t\t\t\t\t\t\t\t\t<p>La l\u00e9gislation suisse sur les m\u00e9taux pr\u00e9cieux se renforce constamment afin de garantir une transparence accrue, une meilleure tra\u00e7abilit\u00e9 et un contr\u00f4le rigoureux tout au long de la cha\u00eene d&rsquo;approvisionnement. Les r\u00e9formes adopt\u00e9es confirment l&rsquo;engagement de la Suisse en faveur d&rsquo;une surveillance toujours plus stricte. <\/p>\t\t\t\t\t\t\t\t<\/div>\n\t\t<div role=\"region\" aria-labelledby=\"e-n-accordion-item-2581\" class=\"elementor-element elementor-element-8f399bd e-con-full e-flex e-con e-child\" data-id=\"8f399bd\" data-element_type=\"container\" data-e-type=\"container\">\n\t\t\t\t<div class=\"elementor-element elementor-element-9a8e09c elementor-widget elementor-widget-heading\" data-id=\"9a8e09c\" data-element_type=\"widget\" data-e-type=\"widget\" data-widget_type=\"heading.default\">\n\t\t\t\t\t<div class=\"elementor-heading-title elementor-size-default\">1<\/div>\t\t\t\t<\/div>\n\t\t<div role=\"region\" aria-labelledby=\"e-n-accordion-item-2581\" class=\"elementor-element elementor-element-07e1662 e-con-full e-flex e-con e-child\" data-id=\"07e1662\" data-element_type=\"container\" data-e-type=\"container\">\n\t\t\t\t<div class=\"elementor-element elementor-element-d8aa528 elementor-widget elementor-widget-text-editor\" data-id=\"d8aa528\" data-element_type=\"widget\" data-e-type=\"widget\" data-widget_type=\"text-editor.default\">\n\t\t\t\t\t\t\t\t\t<h4>La position tarifaire 7108.12: une classification plus pr\u00e9cise de l\u2019or brut<\/h4><p><span style=\"text-decoration: underline;\">La r\u00e9forme <\/span><br>La position tarifaire 7108.12 identifie l\u2019or brut, mais sans faire de distinction entre ses diff\u00e9rentes origines. Pour am\u00e9liorer la tra\u00e7abilit\u00e9, la Suisse a propos\u00e9 \u00e0 l\u2019Organisation mondiale des douanes (OMD) de diviser cette position en trois sous-cat\u00e9gories : or minier, or bancaire et autres formes d\u2019or. Au niveau international, cette modification ne devrait entrer en vigueur qu\u2019\u00e0 partir de 2027. <strong>La Suisse a anticip\u00e9 cette r\u00e9forme mondiale<\/strong>, en appliquant cette distinction d\u00e8s le 1er janvier 2021.  <\/p><p><span style=\"text-decoration: underline;\">La contribution de l\u2019ASMP <\/span><br>L&rsquo;Association a soutenu activement la n\u00e9cessit\u00e9 d&rsquo;une classification plus pr\u00e9cise en promouvant la proposition suisse aupr\u00e8s des autorit\u00e9s comp\u00e9tentes.<\/p>\t\t\t\t\t\t\t\t<\/div>\n\t\t\t\t<div class=\"elementor-element elementor-element-7321535 elementor-widget elementor-widget-heading\" data-id=\"7321535\" data-element_type=\"widget\" data-e-type=\"widget\" data-widget_type=\"heading.default\">\n\t\t\t\t\t<h4 class=\"elementor-heading-title elementor-size-default\">Pour en savoir plus<\/h4>\t\t\t\t<\/div>\n\t\t\t\t<div class=\"elementor-element elementor-element-07f5c75 elementor-position-inline-start elementor-mobile-position-inline-start elementor-view-default elementor-widget elementor-widget-icon-box\" data-id=\"07f5c75\" data-element_type=\"widget\" data-e-type=\"widget\" data-widget_type=\"icon-box.default\">\n\t\t\t\t\t\t\t<div class=\"elementor-icon-box-wrapper\">\n\n\t\t\t\t\t\t<div class=\"elementor-icon-box-icon\">\n\t\t\t\t<a href=\"https:\/\/www.bazg.admin.ch\/bazg\/fr\/home\/services\/services-entreprises\/services-firmen_einfuhr-ausfuhr-durchfuhr\/zolltarif-tares.html\" target=\"_blank\" class=\"elementor-icon\" tabindex=\"-1\" aria-label=\"Tarif douanier\" rel=\"noopener\">\n\t\t\t\t<i aria-hidden=\"true\" class=\"asmpfreccie asmpfreccie-ASMP_freccia1\"><\/i>\t\t\t\t<\/a>\n\t\t\t<\/div>\n\t\t\t\n\t\t\t\t\t\t<div class=\"elementor-icon-box-content\">\n\n\t\t\t\t\t\t\t\t\t<div class=\"elementor-icon-box-title\">\n\t\t\t\t\t\t<a href=\"https:\/\/www.bazg.admin.ch\/bazg\/fr\/home\/services\/services-entreprises\/services-firmen_einfuhr-ausfuhr-durchfuhr\/zolltarif-tares.html\" target=\"_blank\" rel=\"noopener\">\n\t\t\t\t\t\t\tTarif douanier\t\t\t\t\t\t<\/a>\n\t\t\t\t\t<\/div>\n\t\t\t\t\n\t\t\t\t\n\t\t\t<\/div>\n\t\t\t\n\t\t<\/div>\n\t\t\t\t\t\t<\/div>\n\t\t\t\t<\/div>\n\t\t\t\t<\/div>\n\t\t\t\t\t<\/div>\n\t\t\t\t<\/div>\n\t\t\t\t\t<\/details>\n\t\t\t\t\t\t<details id=\"e-n-accordion-item-2582\" class=\"e-n-accordion-item\" >\n\t\t\t\t<summary class=\"e-n-accordion-item-title\" data-accordion-index=\"3\" tabindex=\"-1\" aria-expanded=\"false\" aria-controls=\"e-n-accordion-item-2582\" >\n\t\t\t\t\t<span class='e-n-accordion-item-title-header'><h3 class=\"e-n-accordion-item-title-text\"> Des professionnels aux comp\u00e9tences certifi\u00e9es pour garantir qualit\u00e9 et l\u00e9galit\u00e9 <\/h3><\/span>\n\t\t\t\t\t\t\t<span class='e-n-accordion-item-title-icon'>\n\t\t\t<span class='e-opened' ><i aria-hidden=\"true\" class=\"asmpicon asmpicon-ASMP_icona4\"><\/i><\/span>\n\t\t\t<span class='e-closed'><i aria-hidden=\"true\" class=\"asmpicon asmpicon-ASMP_icona3\"><\/i><\/span>\n\t\t<\/span>\n\n\t\t\t\t\t\t<\/summary>\n\t\t\t\t<div role=\"region\" aria-labelledby=\"e-n-accordion-item-2582\" class=\"elementor-element elementor-element-f89888e e-flex e-con-boxed e-con e-child\" data-id=\"f89888e\" data-element_type=\"container\" data-e-type=\"container\">\n\t\t\t\t\t<div class=\"e-con-inner\">\n\t\t\t\t<div class=\"elementor-element elementor-element-bf92942 elementor-widget elementor-widget-text-editor\" data-id=\"bf92942\" data-element_type=\"widget\" data-e-type=\"widget\" data-widget_type=\"text-editor.default\">\n\t\t\t\t\t\t\t\t\t<p>La pr\u00e9sence de professionnels hautement qualifi\u00e9s contribue \u00e0 renforcer le syst\u00e8me de contr\u00f4le suisse dans le secteur des m\u00e9taux pr\u00e9cieux. Outre la surveillance r\u00e9glementaire exerc\u00e9e par le Bureau Central de contr\u00f4le des m\u00e9taux pr\u00e9cieux (BCMP), les essayeurs f\u00e9d\u00e9raux asserment\u00e9s jouent un r\u00f4le op\u00e9rationnel et technique essentiel pour garantir la qualit\u00e9, la l\u00e9galit\u00e9 et la transparence. <\/p>\t\t\t\t\t\t\t\t<\/div>\n\t\t<div role=\"region\" aria-labelledby=\"e-n-accordion-item-2582\" class=\"elementor-element elementor-element-1a15f8b e-con-full e-flex e-con e-child\" data-id=\"1a15f8b\" data-element_type=\"container\" data-e-type=\"container\">\n\t\t\t\t<div class=\"elementor-element elementor-element-6e71c99 elementor-widget elementor-widget-heading\" data-id=\"6e71c99\" data-element_type=\"widget\" data-e-type=\"widget\" data-widget_type=\"heading.default\">\n\t\t\t\t\t<div class=\"elementor-heading-title elementor-size-default\">1<\/div>\t\t\t\t<\/div>\n\t\t<div role=\"region\" aria-labelledby=\"e-n-accordion-item-2582\" class=\"elementor-element elementor-element-e8f1c33 e-con-full e-flex e-con e-child\" data-id=\"e8f1c33\" data-element_type=\"container\" data-e-type=\"container\">\n\t\t\t\t<div class=\"elementor-element elementor-element-38463b7 elementor-widget elementor-widget-text-editor\" data-id=\"38463b7\" data-element_type=\"widget\" data-e-type=\"widget\" data-widget_type=\"text-editor.default\">\n\t\t\t\t\t\t\t\t\t<h4>Essayeurs asserment\u00e9s (personne physique)<\/h4><p>Professionnels form\u00e9s selon les normes f\u00e9d\u00e9rales, charg\u00e9s de v\u00e9rifier la puret\u00e9 des m\u00e9taux pr\u00e9cieux ; leur activit\u00e9, reconnue par le gouvernement f\u00e9d\u00e9ral, garantit l&rsquo;int\u00e9grit\u00e9 technique des contr\u00f4les tout au long de la cha\u00eene d\u2019approvisionnement.<\/p>\t\t\t\t\t\t\t\t<\/div>\n\t\t\t\t<div class=\"elementor-element elementor-element-0a1769b elementor-widget elementor-widget-heading\" data-id=\"0a1769b\" data-element_type=\"widget\" data-e-type=\"widget\" data-widget_type=\"heading.default\">\n\t\t\t\t\t<h4 class=\"elementor-heading-title elementor-size-default\">Pour en savoir plus<\/h4>\t\t\t\t<\/div>\n\t\t\t\t<div class=\"elementor-element elementor-element-8362d56 elementor-position-inline-start elementor-mobile-position-inline-start elementor-view-default elementor-widget elementor-widget-icon-box\" data-id=\"8362d56\" data-element_type=\"widget\" data-e-type=\"widget\" data-widget_type=\"icon-box.default\">\n\t\t\t\t\t\t\t<div class=\"elementor-icon-box-wrapper\">\n\n\t\t\t\t\t\t<div class=\"elementor-icon-box-icon\">\n\t\t\t\t<a href=\"https:\/\/www.bazg.admin.ch\/bazg\/fr\/home\/l-ofdf\/profession-et-formation\/essayeur-jure-essayeuse-juree.html\" target=\"_blank\" class=\"elementor-icon\" tabindex=\"-1\" aria-label=\"Office f\u00e9d\u00e9ral de la douane et de la s\u00e9curit\u00e9 aux fronti\u00e8res \u2013 Essayeur(euse) asserment\u00e9(e)\" rel=\"noopener\">\n\t\t\t\t<i aria-hidden=\"true\" class=\"asmpfreccie asmpfreccie-ASMP_freccia1\"><\/i>\t\t\t\t<\/a>\n\t\t\t<\/div>\n\t\t\t\n\t\t\t\t\t\t<div class=\"elementor-icon-box-content\">\n\n\t\t\t\t\t\t\t\t\t<div class=\"elementor-icon-box-title\">\n\t\t\t\t\t\t<a href=\"https:\/\/www.bazg.admin.ch\/bazg\/fr\/home\/l-ofdf\/profession-et-formation\/essayeur-jure-essayeuse-juree.html\" target=\"_blank\" rel=\"noopener\">\n\t\t\t\t\t\t\tOffice f\u00e9d\u00e9ral de la douane et de la s\u00e9curit\u00e9 aux fronti\u00e8res \u2013 Essayeur(euse) asserment\u00e9(e)\t\t\t\t\t\t<\/a>\n\t\t\t\t\t<\/div>\n\t\t\t\t\n\t\t\t\t\n\t\t\t<\/div>\n\t\t\t\n\t\t<\/div>\n\t\t\t\t\t\t<\/div>\n\t\t\t\t<\/div>\n\t\t\t\t<\/div>\n\t\t<div role=\"region\" aria-labelledby=\"e-n-accordion-item-2582\" class=\"elementor-element elementor-element-dffc3bd e-con-full e-flex e-con e-child\" data-id=\"dffc3bd\" data-element_type=\"container\" data-e-type=\"container\">\n\t\t\t\t<div class=\"elementor-element elementor-element-ac95b8b elementor-widget elementor-widget-heading\" data-id=\"ac95b8b\" data-element_type=\"widget\" data-e-type=\"widget\" data-widget_type=\"heading.default\">\n\t\t\t\t\t<div class=\"elementor-heading-title elementor-size-default\">2<\/div>\t\t\t\t<\/div>\n\t\t<div role=\"region\" aria-labelledby=\"e-n-accordion-item-2582\" class=\"elementor-element elementor-element-75c4b40 e-con-full e-flex e-con e-child\" data-id=\"75c4b40\" data-element_type=\"container\" data-e-type=\"container\">\n\t\t\t\t<div class=\"elementor-element elementor-element-6c913b6 elementor-widget elementor-widget-text-editor\" data-id=\"6c913b6\" data-element_type=\"widget\" data-e-type=\"widget\" data-widget_type=\"text-editor.default\">\n\t\t\t\t\t\t\t\t\t<h4>Essayeurs commerciaux (personne morale)<\/h4><p>Agr\u00e9\u00e9s par le BCMP, ils d\u00e9terminent le titre des m\u00e9taux destin\u00e9s \u00e0 la revente. Depuis 2020, ils sont consid\u00e9r\u00e9s comme des interm\u00e9diaires financiers au sens de la Loi sur le blanchiment d&rsquo;argent (LBA) et leur activit\u00e9 fait l&rsquo;objet d&rsquo;une surveillance sp\u00e9cifique afin de garantir la conformit\u00e9 et la tra\u00e7abilit\u00e9 sur le march\u00e9. <\/p>\t\t\t\t\t\t\t\t<\/div>\n\t\t\t\t<div class=\"elementor-element elementor-element-693604e elementor-widget elementor-widget-heading\" data-id=\"693604e\" data-element_type=\"widget\" data-e-type=\"widget\" data-widget_type=\"heading.default\">\n\t\t\t\t\t<h4 class=\"elementor-heading-title elementor-size-default\">Pour en savoir plus<\/h4>\t\t\t\t<\/div>\n\t\t\t\t<div class=\"elementor-element elementor-element-9553712 elementor-position-inline-start elementor-mobile-position-inline-start elementor-view-default elementor-widget elementor-widget-icon-box\" data-id=\"9553712\" data-element_type=\"widget\" data-e-type=\"widget\" data-widget_type=\"icon-box.default\">\n\t\t\t\t\t\t\t<div class=\"elementor-icon-box-wrapper\">\n\n\t\t\t\t\t\t<div class=\"elementor-icon-box-icon\">\n\t\t\t\t<a href=\"https:\/\/www.bazg.admin.ch\/bazg\/fr\/home\/themes\/controle-des-metaux-precieux\/fonte-et-essai-des-metaux-precieux\/handelsprueferbewilligung.html\" target=\"_blank\" class=\"elementor-icon\" tabindex=\"-1\" aria-label=\"Office f\u00e9d\u00e9ral de la douane et de la s\u00e9curit\u00e9 aux fronti\u00e8res \u2013 Autorisation \u00e0 exercer la profession d\u2019essayeur commercial\" rel=\"noopener\">\n\t\t\t\t<i aria-hidden=\"true\" class=\"asmpfreccie asmpfreccie-ASMP_freccia1\"><\/i>\t\t\t\t<\/a>\n\t\t\t<\/div>\n\t\t\t\n\t\t\t\t\t\t<div class=\"elementor-icon-box-content\">\n\n\t\t\t\t\t\t\t\t\t<div class=\"elementor-icon-box-title\">\n\t\t\t\t\t\t<a href=\"https:\/\/www.bazg.admin.ch\/bazg\/fr\/home\/themes\/controle-des-metaux-precieux\/fonte-et-essai-des-metaux-precieux\/handelsprueferbewilligung.html\" target=\"_blank\" rel=\"noopener\">\n\t\t\t\t\t\t\tOffice f\u00e9d\u00e9ral de la douane et de la s\u00e9curit\u00e9 aux fronti\u00e8res \u2013 Autorisation \u00e0 exercer la profession d\u2019essayeur commercial\t\t\t\t\t\t<\/a>\n\t\t\t\t\t<\/div>\n\t\t\t\t\n\t\t\t\t\n\t\t\t<\/div>\n\t\t\t\n\t\t<\/div>\n\t\t\t\t\t\t<\/div>\n\t\t\t\t<\/div>\n\t\t\t\t<\/div>\n\t\t\t\t\t<\/div>\n\t\t\t\t<\/div>\n\t\t\t\t\t<\/details>\n\t\t\t\t\t<\/div>\n\t\t\t\t\t\t<\/div>\n\t\t\t\t\t<\/div>\n\t\t\t\t<\/div>\n\t\t<div class=\"elementor-element elementor-element-c38297d e-flex e-con-boxed e-con e-parent\" data-id=\"c38297d\" data-element_type=\"container\" data-e-type=\"container\">\n\t\t\t\t\t<div class=\"e-con-inner\">\n\t\t\t\t<div class=\"elementor-element elementor-element-44a8cf6 elementor-widget elementor-widget-global elementor-global-165 elementor-widget-spacer\" data-id=\"44a8cf6\" data-element_type=\"widget\" data-e-type=\"widget\" data-widget_type=\"spacer.default\">\n\t\t\t\t\t\t\t<div class=\"elementor-spacer\">\n\t\t\t<div class=\"elementor-spacer-inner\"><\/div>\n\t\t<\/div>\n\t\t\t\t\t\t<\/div>\n\t\t\t\t\t<\/div>\n\t\t\t\t<\/div>\n\t\t\t\t<\/div>\n\t\t","protected":false},"excerpt":{"rendered":"<p>Le cadre r\u00e9glementaire Un cadrer\u00e9glementaire rigoureux La Suisse est reconnue pour l\u2019excellence de sa r\u00e9glementation dans le domaine des m\u00e9taux pr\u00e9cieux. Gr\u00e2ce \u00e0 l\u2019un des cadres r\u00e9glementaires parmi les plus stricts au monde, le pays garantit des normes \u00e9lev\u00e9es en mati\u00e8re de transparence, de l\u00e9galit\u00e9 et de responsabilit\u00e9 tout au long de la cha\u00eene de [&hellip;]<\/p>\n","protected":false},"author":1,"featured_media":0,"parent":0,"menu_order":0,"comment_status":"closed","ping_status":"closed","template":"","meta":{"footnotes":""},"class_list":["post-5871","page","type-page","status-publish","hentry"],"_links":{"self":[{"href":"https:\/\/asmp.swiss\/fr\/wp-json\/wp\/v2\/pages\/5871","targetHints":{"allow":["GET"]}}],"collection":[{"href":"https:\/\/asmp.swiss\/fr\/wp-json\/wp\/v2\/pages"}],"about":[{"href":"https:\/\/asmp.swiss\/fr\/wp-json\/wp\/v2\/types\/page"}],"author":[{"embeddable":true,"href":"https:\/\/asmp.swiss\/fr\/wp-json\/wp\/v2\/users\/1"}],"replies":[{"embeddable":true,"href":"https:\/\/asmp.swiss\/fr\/wp-json\/wp\/v2\/comments?post=5871"}],"version-history":[{"count":3,"href":"https:\/\/asmp.swiss\/fr\/wp-json\/wp\/v2\/pages\/5871\/revisions"}],"predecessor-version":[{"id":6572,"href":"https:\/\/asmp.swiss\/fr\/wp-json\/wp\/v2\/pages\/5871\/revisions\/6572"}],"wp:attachment":[{"href":"https:\/\/asmp.swiss\/fr\/wp-json\/wp\/v2\/media?parent=5871"}],"curies":[{"name":"wp","href":"https:\/\/api.w.org\/{rel}","templated":true}]}}